{"id":6631,"date":"2023-11-06T12:38:46","date_gmt":"2023-11-06T11:38:46","guid":{"rendered":"https:\/\/xn--arbetsdagarperr-ulb.se\/?page_id=6631"},"modified":"2025-01-25T11:06:59","modified_gmt":"2025-01-25T10:06:59","slug":"arbetsdagar-per-ar-2025","status":"publish","type":"page","link":"https:\/\/xn--arbetsdagarperr-ulb.se\/nb\/","title":{"rendered":"Arbeidsdager per \u00e5r 2025"},"content":{"rendered":"<table id=\"tablepress-10\" class=\"tablepress tablepress-id-10 tablepress-responsive\">\n<thead>\n<tr class=\"row-1\">\n\t<th class=\"column-1\">M\u00e5ned<\/th><th class=\"column-2\">Arbeidsdager<\/th><th class=\"column-3\">Arbeidstid<\/th><th class=\"column-4\">L\u00f8r &amp; S\u00f8n.<\/th><th class=\"column-5\">Andre<\/th>\n<\/tr>\n<\/thead>\n<tbody class=\"row-striping row-hover\">\n<tr class=\"row-2\">\n\t<td class=\"column-1\"><a href=\"https:\/\/xn--arbetsdagarperr-ulb.se\/nb\/januar-2025\/\">januar<\/a><\/td><td class=\"column-2\">22<\/td><td class=\"column-3\">176<\/td><td class=\"column-4\">8<\/td><td class=\"column-5\">1<\/td>\n<\/tr>\n<tr class=\"row-3\">\n\t<td class=\"column-1\"><a href=\"https:\/\/xn--arbetsdagarperr-ulb.se\/nb\/februar-2025\/\">februar<\/a><\/td><td class=\"column-2\">20<\/td><td class=\"column-3\">160<\/td><td class=\"column-4\">8<\/td><td class=\"column-5\">0<\/td>\n<\/tr>\n<tr class=\"row-4\">\n\t<td class=\"column-1\"><a href=\"https:\/\/xn--arbetsdagarperr-ulb.se\/nb\/mars-2025\/\">mars<\/a><\/td><td class=\"column-2\">21<\/td><td class=\"column-3\">168<\/td><td class=\"column-4\">10<\/td><td class=\"column-5\">0<\/td>\n<\/tr>\n<tr class=\"row-5\">\n\t<td class=\"column-1\"><a href=\"https:\/\/xn--arbetsdagarperr-ulb.se\/nb\/april-2025\/\">april<\/a><\/td><td class=\"column-2\">20<\/td><td class=\"column-3\">160<\/td><td class=\"column-4\">8<\/td><td class=\"column-5\">3<\/td>\n<\/tr>\n<tr class=\"row-6\">\n\t<td class=\"column-1\"><a href=\"https:\/\/xn--arbetsdagarperr-ulb.se\/nb\/mai-2025\/\">Kan<\/a><\/td><td class=\"column-2\">20<\/td><td class=\"column-3\">160<\/td><td class=\"column-4\">9<\/td><td class=\"column-5\">2<\/td>\n<\/tr>\n<tr class=\"row-7\">\n\t<td class=\"column-1\"><a href=\"https:\/\/xn--arbetsdagarperr-ulb.se\/nb\/juni-2025\/\">juni<\/a><\/td><td class=\"column-2\">18<\/td><td class=\"column-3\">144<\/td><td class=\"column-4\">9<\/td><td class=\"column-5\">4<\/td>\n<\/tr>\n<tr class=\"row-8\">\n\t<td class=\"column-1\"><a href=\"https:\/\/xn--arbetsdagarperr-ulb.se\/nb\/juli-2025\/\">juli<\/a><\/td><td class=\"column-2\">23<\/td><td class=\"column-3\">184<\/td><td class=\"column-4\">8<\/td><td class=\"column-5\">0<\/td>\n<\/tr>\n<tr class=\"row-9\">\n\t<td class=\"column-1\"><a href=\"https:\/\/xn--arbetsdagarperr-ulb.se\/nb\/august-2025\/\">august<\/a><\/td><td class=\"column-2\">21<\/td><td class=\"column-3\">168<\/td><td class=\"column-4\">10<\/td><td class=\"column-5\">0<\/td>\n<\/tr>\n<tr class=\"row-10\">\n\t<td class=\"column-1\"><a href=\"https:\/\/xn--arbetsdagarperr-ulb.se\/nb\/september-2025\/\">september<\/a><\/td><td class=\"column-2\">22<\/td><td class=\"column-3\">176<\/td><td class=\"column-4\">8<\/td><td class=\"column-5\">0<\/td>\n<\/tr>\n<tr class=\"row-11\">\n\t<td class=\"column-1\"><a href=\"https:\/\/xn--arbetsdagarperr-ulb.se\/nb\/oktober-2025\/\">oktober<\/a><\/td><td class=\"column-2\">23<\/td><td class=\"column-3\">184<\/td><td class=\"column-4\">8<\/td><td class=\"column-5\">0<\/td>\n<\/tr>\n<tr class=\"row-12\">\n\t<td class=\"column-1\"><a href=\"https:\/\/xn--arbetsdagarperr-ulb.se\/nb\/november-2025\/\">november<\/a><\/td><td class=\"column-2\">20<\/td><td class=\"column-3\">160<\/td><td class=\"column-4\">10<\/td><td class=\"column-5\">0<\/td>\n<\/tr>\n<tr class=\"row-13\">\n\t<td class=\"column-1\"><a href=\"https:\/\/xn--arbetsdagarperr-ulb.se\/nb\/desember-2025\/\">desember<\/a><\/td><td class=\"column-2\">21<\/td><td class=\"column-3\">168<\/td><td class=\"column-4\">8<\/td><td class=\"column-5\">2<\/td>\n<\/tr>\n<tr class=\"row-14\">\n\t<td class=\"column-1\"><strong>Total \u00e5rlig arbeidstid<\/strong><\/td><td class=\"column-2\"><strong>251<\/strong><\/td><td class=\"column-3\"><strong>2008<\/strong><\/td><td class=\"column-4\"><strong>104<\/strong><\/td><td class=\"column-5\"><strong>12<\/strong><\/td>\n<\/tr>\n<\/tbody>\n<tfoot>\n<tr class=\"row-15\">\n\t<th class=\"column-1\">Gjennomsnitt \/ m\u00e5ned<\/th><th class=\"column-2\">20.92<\/th><th class=\"column-3\">167.33<\/th><th class=\"column-4\">8.67<\/th><th class=\"column-5\">1.00<\/th>\n<\/tr>\n<\/tfoot>\n<\/table>\n<!-- #tablepress-10 from cache -->\n\r\n\r\n\r\n<p style=\"text-align: center;\"><img loading=\"lazy\" decoding=\"async\" class=\"alignnone size-full wp-image-30\" src=\"https:\/\/xn--arbetsdagarperr-ulb.se\/wp-content\/uploads\/2021\/03\/arbetstimmar-per-manad.jpg\" alt=\"Arbeidstid per m\u00e5ned\" width=\"244\" height=\"206\" srcset=\"https:\/\/xn--arbetsdagarperr-ulb.se\/wp-content\/uploads\/2021\/03\/arbetstimmar-per-manad.jpg 244w, https:\/\/xn--arbetsdagarperr-ulb.se\/wp-content\/uploads\/2021\/03\/arbetstimmar-per-manad-14x12.jpg 14w, https:\/\/xn--arbetsdagarperr-ulb.se\/wp-content\/uploads\/2021\/03\/arbetstimmar-per-manad-127x107.jpg 127w\" sizes=\"auto, (max-width: 244px) 100vw, 244px\" \/><\/p>\r\n<p>&nbsp;<\/p>\r\n<h3 id=\"2022\" class=\"has-text-align-center wp-block-heading\" style=\"text-align: center;\">Arbeidsdager per \u00e5r 2025<\/h3>\r\n<p>I gjennomsnitt refereres det til 160 arbeidstimer per m\u00e5ned eller 250 arbeidsdager per \u00e5r n\u00e5r man diskuterer arbeidsmengde. Men disse tallene er ikke alltid n\u00f8yaktige. For 2025 varierer for eksempel antall arbeidstimer fra 144 til 184, med et gjennomsnitt p\u00e5 167 timer hver m\u00e5ned. Totalt blir det 251 virkedager, som gir 116 fridager. I tabellen nedenfor gir vi en detaljert oversikt over antall virkedager, arbeidstider, l\u00f8rdager, s\u00f8ndager og andre fridager \u2013 som nasjonale helligdager, sankthansaften, julaften og nytt\u00e5rsaften. Hvis en helligdag faller p\u00e5 en l\u00f8rdag eller s\u00f8ndag, regnes den under &quot;l\u00f8r &amp; s\u00f8n&quot;. Vi baserer disse beregningene p\u00e5 en standard \u00e5tte timers arbeidsdag. Hvilke dager som regnes som helligdager i Sverige er definert av <a href=\"https:\/\/www.riksdagen.se\/sv\/dokument-lagar\/dokument\/svensk-forfattningssamling\/lag-1989253-om-allmanna-helgdagar_sfs-1989-253\">Lag (1989: 253)<\/a> p\u00e5 helligdager. De fleste har f\u00f8lgende fridager, selv om de faller p\u00e5 en vanlig arbeidsdag:<\/p>\r\n<ul>\r\n<li><a href=\"https:\/\/xn--arbetsdagarperr-ulb.se\/nb\/rode-dager\/nyttarsaften\/\">nytt\u00e5rsaften<\/a><\/li>\r\n<li><a href=\"https:\/\/xn--arbetsdagarperr-ulb.se\/nb\/rode-dager\/julaften\/\">julaften<\/a><\/li>\r\n<li><a href=\"https:\/\/xn--arbetsdagarperr-ulb.se\/nb\/rode-dager\/paske-og-pinse\/\">p\u00e5skedag og pinsedag<\/a><\/li>\r\n<li><a href=\"https:\/\/xn--arbetsdagarperr-ulb.se\/nb\/rode-dager\/nyttarsdag-og-trettende-dag-jul\/\">nytt\u00e5rsdag og trettende juledag<\/a><\/li>\r\n<li><a href=\"https:\/\/xn--arbetsdagarperr-ulb.se\/nb\/rode-dager\/forsta-maj\/\">1. mai<\/a><\/li>\r\n<li><a href=\"https:\/\/xn--arbetsdagarperr-ulb.se\/nb\/rode-dager\/jule-dag-og-andre-dag-jul\/\">juledag og julaften<\/a><\/li>\r\n<li><a href=\"https:\/\/xn--arbetsdagarperr-ulb.se\/nb\/rode-dager\/langfredag-og-mandag-paske\/\">Langfredag og p\u00e5skedag<\/a><\/li>\r\n<li><a href=\"https:\/\/xn--arbetsdagarperr-ulb.se\/nb\/rode-dager\/kristi-himmelfartsdag\/\">Kristi himmelfartsdag<\/a><\/li>\r\n<li><a href=\"https:\/\/xn--arbetsdagarperr-ulb.se\/nb\/rode-dager\/sveriges-nasjonaldag\/\">Sveriges nasjonaldag<\/a><\/li>\r\n<li><a href=\"https:\/\/xn--arbetsdagarperr-ulb.se\/nb\/rode-dager\/midtsommerdag\/\">Midtsommerdagen<\/a><\/li>\r\n<li><a href=\"https:\/\/xn--arbetsdagarperr-ulb.se\/nb\/rode-dager\/allehelgensdag\/\">Allehelgensdag<\/a><\/li>\r\n<li><a href=\"https:\/\/xn--arbetsdagarperr-ulb.se\/nb\/rode-dager\/midtsommeraften\/\">Midtsommeraften<\/a><\/li>\r\n<\/ul>\r\n<p>Sjekk gjerne ut kalenderen v\u00e5r her til h\u00f8yre, som inneholder informasjon som f.eks. navnedager og litt historie om hva som skjedde akkurat den dagen.<\/p>\r\n\r\n\r\n<style>.wp-show-posts-columns#wpsp-213 {margin-left: -2em; }.wp-show-posts-columns#wpsp-213 .wp-show-posts-inner {margin: 0 0 2em 2em; }<\/style><section id=\"wpsp-213\" class=\"wp-show-posts\" style=\"\"><article class=\"wp-show-posts-single wpsp-clearfix post-131 post type-post status-publish format-standard hentry category-roda-dagar\" itemtype=\"http:\/\/schema.org\/CreativeWork\" itemscope><div class=\"wp-show-posts-inner\" style=\"\">\t\t\t\t\t\t<header class=\"wp-show-posts-entry-header\">\n\t\t\t\t\t\t\t<h2 class=\"wp-show-posts-entry-title\" itemprop=\"headline\"><a href=\"https:\/\/xn--arbetsdagarperr-ulb.se\/nb\/rode-dager\/jule-dag-og-andre-dag-jul\/\" rel=\"bookmark\">juledag og mandag jul<\/a><\/h2>\t\t\t\t\t\t<\/header><!-- .entry-header -->\n\t\t\t\t\t\t\t\t\t\t\t<div class=\"wp-show-posts-entry-content\" itemprop=\"text\">\n\t\t\t\t\t\t\t<img loading=\"lazy\" decoding=\"async\" class=\"aligncenter size-large wp-image-132\" src=\"https:\/\/xn--arbetsdagarperr-ulb.se\/wp-content\/uploads\/2022\/04\/juldagen-annandag_jul-1024x567.jpg\" alt=\"juledag og mandag jul\" width=\"1024\" height=\"567\" srcset=\"https:\/\/xn--arbetsdagarperr-ulb.se\/wp-content\/uploads\/2022\/04\/juldagen-annandag_jul-1024x567.jpg 1024w, https:\/\/xn--arbetsdagarperr-ulb.se\/wp-content\/uploads\/2022\/04\/juldagen-annandag_jul-300x166.jpg 300w, https:\/\/xn--arbetsdagarperr-ulb.se\/wp-content\/uploads\/2022\/04\/juldagen-annandag_jul-768x425.jpg 768w, https:\/\/xn--arbetsdagarperr-ulb.se\/wp-content\/uploads\/2022\/04\/juldagen-annandag_jul-1536x850.jpg 1536w, https:\/\/xn--arbetsdagarperr-ulb.se\/wp-content\/uploads\/2022\/04\/juldagen-annandag_jul-2048x1133.jpg 2048w\" sizes=\"auto, (max-width: 1024px) 100vw, 1024px\" \/>\r\n<h2 style=\"text-align: center;\">Juledag<\/h2>\r\n<span style=\"font-weight: 400;\">2. juledag, 25. desember, feires Jesu f\u00f8dsel historisk. 1. juledag har sterke r\u00f8tter i kristendommen og det er fortsatt vanlig \u00e5 ha gudstjeneste om morgenen 1. juledag. I noen kirker feires det ogs\u00e5 med messe ved midnatt natta mellom <a href=\"https:\/\/xn--arbetsdagarperr-ulb.se\/nb\/rode-dager\/julaften\/\">julaften<\/a> og juledag.\u00a0<\/span>\r\n\r\n<span style=\"font-weight: 400;\">F\u00f8lelsene man tradisjonelt har fors\u00f8kt \u00e5 formidle 1. juledag har handlet om fred, ro og hvile. Det har v\u00e6rt den helligste av juledagene og en dag da lek og sosialt samv\u00e6r utenfor den n\u00e6re kretsen kunne unng\u00e5s.\u00a0<\/span>\r\n\r\n<span style=\"font-weight: 400;\">N\u00e5 for tiden ser vi imidlertid ofte at juledagen forbindes med venner som m\u00f8tes og i mange tilfeller feirer. For eksempel har elever som har flyttet hjemmefra vanligvis en hjemkomstkveld 1. juledag, da de m\u00f8tes og feirer sammen. Dette er en mulighet for mange til \u00e5 m\u00f8te bekjente og venner som de har mistet kontakten med for \u00e5 se hvordan de har det.\u00a0<\/span>\r\n\r\n<span style=\"font-weight: 400;\">1. juledag er det som regel fortsatt julemat igjen \u00e5 spise. Juleskinke, Janssons fristelse, prinsp\u00f8lse, syltet laks, r\u00f8dbetsalat med mer.\u00a0<\/span>\r\n\r\n&nbsp;\r\n<h2 style=\"text-align: center;\">Andre juledag<\/h2>\r\n<span style=\"font-weight: 400;\">Andre juledag faller 26. desember, dagen etter juledag. Dette er den siste h\u00f8ytiden i julehelgen. Juledagen feires etter St. Stefan, som regnes som den f\u00f8rste kristne martyren, eller s\u00e5kalt. &quot;Protomartyren&quot;. P\u00e5 svensk g\u00e5r Stefanus som Staffan. Personalet var diakon p\u00e5 vakt og hadde ansvar for matutdeling og andre praktiske gj\u00f8rem\u00e5l. If\u00f8lge historien ble St. Stefanus steinet til d\u00f8de fordi han hadde fortalt sin herre og kong Herodes om et syn der han s\u00e5 tegn p\u00e5 Jesu f\u00f8dsel. Stephen fikk synet sitt da han vannet kongens hester, hvoretter han kom til \u00e5 bli sett p\u00e5 som hestenes skytshelgen. Det er flere Staffansvisorer og \u00abStaffan var stallgutt\u00bb som historisk h\u00f8rer til 2. juledag synges n\u00e5 vanligvis p\u00e5 Lucia. I moderne historie har feiringen av andre juledag i st\u00f8rre grad ikke hatt historien om den hellige Stefanus i tankene. <\/span>\t\t\t\t\t\t<\/div><!-- .entry-content -->\n\t\t\t\t\t<div class=\"wpsp-read-more\"><a title=\"juledag og mandag jul\" class=\"wp-show-posts-read-more\" href=\"https:\/\/xn--arbetsdagarperr-ulb.se\/nb\/rode-dager\/jule-dag-og-andre-dag-jul\/\">Les mer her...<\/a><\/div><\/div><!-- wp-show-posts-inner --><div class=\"wpsp-clear\"><\/div><\/article><article class=\"wp-show-posts-single wpsp-clearfix post-121 post type-post status-publish format-standard hentry category-roda-dagar\" itemtype=\"http:\/\/schema.org\/CreativeWork\" itemscope><div class=\"wp-show-posts-inner\" style=\"\">\t\t\t\t\t\t<header class=\"wp-show-posts-entry-header\">\n\t\t\t\t\t\t\t<h2 class=\"wp-show-posts-entry-title\" itemprop=\"headline\"><a href=\"https:\/\/xn--arbetsdagarperr-ulb.se\/nb\/rode-dager\/forsta-maj\/\" rel=\"bookmark\">1. mai<\/a><\/h2>\t\t\t\t\t\t<\/header><!-- .entry-header -->\n\t\t\t\t\t\t\t\t\t\t\t<div class=\"wp-show-posts-entry-content\" itemprop=\"text\">\n\t\t\t\t\t\t\t<p><img loading=\"lazy\" decoding=\"async\" class=\"aligncenter size-large wp-image-122\" src=\"https:\/\/xn--arbetsdagarperr-ulb.se\/wp-content\/uploads\/2022\/04\/forsta-maj-1024x683.png\" alt=\"F\u00f8rste mai - 1 mai\" width=\"1024\" height=\"683\" srcset=\"https:\/\/xn--arbetsdagarperr-ulb.se\/wp-content\/uploads\/2022\/04\/forsta-maj-1024x683.png 1024w, https:\/\/xn--arbetsdagarperr-ulb.se\/wp-content\/uploads\/2022\/04\/forsta-maj-300x200.png 300w, https:\/\/xn--arbetsdagarperr-ulb.se\/wp-content\/uploads\/2022\/04\/forsta-maj-768x512.png 768w, https:\/\/xn--arbetsdagarperr-ulb.se\/wp-content\/uploads\/2022\/04\/forsta-maj.png 1200w\" sizes=\"auto, (max-width: 1024px) 100vw, 1024px\" \/><\/p>\n<h2 style=\"text-align: center;\"><b>1. mai<\/b><\/h2>\n<p><span style=\"font-weight: 400;\">Denne dagen har blitt feiret siden 1890 og stammer fra arbeiderbevegelsens demonstrasjoner. I 1890 krevde Den andre internasjonale en \u00e5tte timers arbeidsdag. Den andre internasjonale var en organisasjon som ble dannet i Paris, men demonstrasjonene spredte seg ogs\u00e5 til Sverige i 1890. F\u00f8rste mai har v\u00e6rt helligdag i Sverige siden 1939. Denne dagen er en av de to (sammen med nasjonaldagen) festivaler som regnes som ikke-borgerlige, alts\u00e5 uten tilknytning til Svenska kyrkan. F\u00f8rste mai har historisk sett ikke bare v\u00e6rt \u00e5 demonstrere for arbeidernes rettigheter, men ogs\u00e5 for andre form\u00e5l som n\u00f8kternhetsdemonstrasjoner mm.\u00a0<\/span><\/p>\n<p><span style=\"font-weight: 400;\">F\u00f8r den industrielle revolusjonen ble 1. mai ogs\u00e5 feiret som en dag, den f\u00f8rste sommerdagen. Det var en dag da dyra ble sluppet ut p\u00e5 beite, bygdelaget valgte en eldstemann og de tok felles initiativ for \u00e5 gjennomg\u00e5 g\u00e5rder, gjerder og \u00f8konomi. Den f\u00f8rindustrielle feiringen av f\u00f8rste mai ble avsluttet med en fest, samt drikking av marg fra et bein, for \u00e5 samle krefter.\u00a0<\/span><\/p>\n<p><span style=\"font-weight: 400;\">Det mest bemerkelsesverdige symbolet for f\u00f8rste mai er kornblomsten. Denne ble f\u00f8rst solgt i G\u00f8teborg i 1907. Blomster i seg selv har en positiv, livgivende symbolikk. Pengene fra salget er historiske og g\u00e5r fortsatt til veldedige form\u00e5l, i de fleste tilfeller til utsatte barn.\u00a0<\/span><\/p>\n<p><span style=\"font-weight: 400;\">En grunn til at vi feirer 1. mai er Haymarket-massakren, som fant sted i Chicago i 1886. Ved demonstrasjonen protesterte arbeidere bare 8 timer om dagen, men m\u00f8tte sterk og voldelig motstand fra politiet. Totalt sett er f\u00f8rste mai en h\u00f8ytid som feires litt forskjellig avhengig av hvor du er i landet. Du velger \u00e5 feste, spille spill eller demonstrere. Det overordnede temaet er i hvert fall at folket skal forene seg p\u00e5 et offentlig sted i h\u00e5p om \u00e5 vise styresmaktene at de har en stemme som \u00f8nsker \u00e5 bli h\u00f8rt. <\/span><\/p>\n\t\t\t\t\t\t<\/div><!-- .entry-content -->\n\t\t\t\t\t<div class=\"wpsp-read-more\"><a title=\"1. mai\" class=\"wp-show-posts-read-more\" href=\"https:\/\/xn--arbetsdagarperr-ulb.se\/nb\/rode-dager\/forsta-maj\/\">Les mer her...<\/a><\/div><\/div><!-- wp-show-posts-inner --><div class=\"wpsp-clear\"><\/div><\/article><\/section><!-- .wp-show-posts --><\/p>","protected":false},"excerpt":{"rendered":"<p>&nbsp; Arbeidsdager per \u00e5r 2025 I snitt refereres det til 160 arbeidstimer per m\u00e5ned eller 250 arbeidsdager per \u00e5r n\u00e5r man diskuterer arbeidsmengde. Men disse tallene er ikke alltid n\u00f8yaktige. For 2025 varierer for eksempel antall arbeidstimer fra 144 til 184, med et gjennomsnitt p\u00e5 167 timer hver m\u00e5ned. Totalt blir det 251...<\/p>\n<p class=\"read-more\"> <a class=\"\" href=\"https:\/\/xn--arbetsdagarperr-ulb.se\/nb\/rode-dager\/forsta-maj\/\"> <span class=\"screen-reader-text\">1. mai<\/span> Les mer &quot;<\/a><\/p>","protected":false},"author":1,"featured_media":0,"parent":0,"menu_order":0,"comment_status":"closed","ping_status":"closed","template":"","meta":{"site-sidebar-layout":"default","site-content-layout":"default","ast-main-header-display":"","ast-hfb-above-header-display":"","ast-hfb-below-header-display":"","ast-hfb-mobile-header-display":"","site-post-title":"","ast-breadcrumbs-content":"","ast-featured-img":"","footer-sml-layout":"","theme-transparent-header-meta":"default","adv-header-id-meta":"","stick-header-meta":"","header-above-stick-meta":"","header-main-stick-meta":"","header-below-stick-meta":"","footnotes":""},"class_list":["post-6631","page","type-page","status-publish","hentry"],"_links":{"self":[{"href":"https:\/\/xn--arbetsdagarperr-ulb.se\/nb\/wp-json\/wp\/v2\/pages\/6631","targetHints":{"allow":["GET"]}}],"collection":[{"href":"https:\/\/xn--arbetsdagarperr-ulb.se\/nb\/wp-json\/wp\/v2\/pages"}],"about":[{"href":"https:\/\/xn--arbetsdagarperr-ulb.se\/nb\/wp-json\/wp\/v2\/types\/page"}],"author":[{"embeddable":true,"href":"https:\/\/xn--arbetsdagarperr-ulb.se\/nb\/wp-json\/wp\/v2\/users\/1"}],"replies":[{"embeddable":true,"href":"https:\/\/xn--arbetsdagarperr-ulb.se\/nb\/wp-json\/wp\/v2\/comments?post=6631"}],"version-history":[{"count":5,"href":"https:\/\/xn--arbetsdagarperr-ulb.se\/nb\/wp-json\/wp\/v2\/pages\/6631\/revisions"}],"predecessor-version":[{"id":6739,"href":"https:\/\/xn--arbetsdagarperr-ulb.se\/nb\/wp-json\/wp\/v2\/pages\/6631\/revisions\/6739"}],"wp:attachment":[{"href":"https:\/\/xn--arbetsdagarperr-ulb.se\/nb\/wp-json\/wp\/v2\/media?parent=6631"}],"curies":[{"name":"wp","href":"https:\/\/api.w.org\/{rel}","templated":true}]}}