{"id":172,"date":"2010-04-11T21:23:23","date_gmt":"2010-04-11T19:23:23","guid":{"rendered":"https:\/\/xn--arbetsdagarperr-ulb.se\/?page_id=172"},"modified":"2023-01-12T14:28:57","modified_gmt":"2023-01-12T13:28:57","slug":"arbetsdagar-per-ar-2023","status":"publish","type":"page","link":"https:\/\/xn--arbetsdagarperr-ulb.se\/nb\/arbeidsdager-per-ar-2023\/","title":{"rendered":"Arbeidsdager per \u00e5r 2023"},"content":{"rendered":"<p style=\"text-align: center;\"><img loading=\"lazy\" decoding=\"async\" class=\"alignnone size-full wp-image-30\" src=\"https:\/\/xn--arbetsdagarperr-ulb.se\/wp-content\/uploads\/2021\/03\/arbetstimmar-per-manad.jpg\" alt=\"Arbeidstid per m\u00e5ned\" width=\"244\" height=\"206\" srcset=\"https:\/\/xn--arbetsdagarperr-ulb.se\/wp-content\/uploads\/2021\/03\/arbetstimmar-per-manad.jpg 244w, https:\/\/xn--arbetsdagarperr-ulb.se\/wp-content\/uploads\/2021\/03\/arbetstimmar-per-manad-14x12.jpg 14w, https:\/\/xn--arbetsdagarperr-ulb.se\/wp-content\/uploads\/2021\/03\/arbetstimmar-per-manad-127x107.jpg 127w\" sizes=\"auto, (max-width: 244px) 100vw, 244px\" \/><\/p>\r\n<p>&nbsp;<\/p>\r\n<h3 id=\"2022\" class=\"has-text-align-center wp-block-heading\" style=\"text-align: center;\">Arbeidsdager per \u00e5r 2023<\/h3>\r\n<p>Generelt er det slik at n\u00e5r man snakker om antall arbeidstimer per m\u00e5ned, sier man vanligvis 160, eller snakker man om antall arbeidsdager per \u00e5r i 2023, s\u00e5 sier man gjerne 250, som ofte ikke er helt riktig. I \u00e5r (2023) er det for eksempel mellom 152 og 184 arbeidstimer med et gjennomsnitt p\u00e5 169 timer per m\u00e5ned eller 253 arbeidsdager (112 dager fri!). Her i tabellen under kan du se n\u00f8yaktig hvor mange virkedager, arbeidstimer, antall l\u00f8rdager og s\u00f8ndager og andre fridager, for eksempel r\u00f8de dager, midtsommeraften, julaften og nytt\u00e5rsaften. Ved anledninger at en r\u00f8d dag faller sammen med en l\u00f8rdag eller s\u00f8ndag, telles den i L\u00f8r og S\u00f8n-kolonnen. Vi forventer ogs\u00e5 \u00e5tte timers arbeidsdag. Hvilke dager i Sverige som teller som helligdager er regulert i det f\u00f8lgende <a href=\"https:\/\/www.riksdagen.se\/sv\/dokument-lagar\/dokument\/svensk-forfattningssamling\/lag-1989253-om-allmanna-helgdagar_sfs-1989-253\" target=\"_blank\" rel=\"nofollow noopener\" data-schema-attribute=\"\">Lag (1989: 253)<\/a> &quot;Helligdagsloven&quot;. De fleste er ledige p\u00e5 f\u00f8lgende helligdager, selv om de tilfeldigvis faller sammen med en vanlig hverdag:<\/p>\r\n<ul>\r\n<li><a href=\"https:\/\/xn--arbetsdagarperr-ulb.se\/nb\/rode-dager\/nyttarsaften\/\">nytt\u00e5rsaften<\/a><\/li>\r\n<li><a href=\"https:\/\/xn--arbetsdagarperr-ulb.se\/nb\/rode-dager\/julaften\/\">julaften<\/a><\/li>\r\n<li><a href=\"https:\/\/xn--arbetsdagarperr-ulb.se\/nb\/rode-dager\/paske-og-pinse\/\">p\u00e5skedag og pinsedag<\/a><\/li>\r\n<li><a href=\"https:\/\/xn--arbetsdagarperr-ulb.se\/nb\/rode-dager\/nyttarsdag-og-trettende-dag-jul\/\">nytt\u00e5rsdag og trettende juledag<\/a><\/li>\r\n<li><a href=\"https:\/\/xn--arbetsdagarperr-ulb.se\/nb\/rode-dager\/forsta-maj\/\">1. mai<\/a><\/li>\r\n<li><a href=\"https:\/\/xn--arbetsdagarperr-ulb.se\/nb\/rode-dager\/jule-dag-og-andre-dag-jul\/\">juledag og julaften<\/a><\/li>\r\n<li><a href=\"https:\/\/xn--arbetsdagarperr-ulb.se\/nb\/rode-dager\/langfredag-og-mandag-paske\/\">Langfredag og p\u00e5skedag<\/a><\/li>\r\n<li><a href=\"https:\/\/xn--arbetsdagarperr-ulb.se\/nb\/rode-dager\/kristi-himmelfartsdag\/\">Kristi himmelfartsdag<\/a><\/li>\r\n<li><a href=\"https:\/\/xn--arbetsdagarperr-ulb.se\/nb\/rode-dager\/sveriges-nasjonaldag\/\">Sveriges nasjonaldag<\/a><\/li>\r\n<li><a href=\"https:\/\/xn--arbetsdagarperr-ulb.se\/nb\/rode-dager\/midtsommerdag\/\">Midtsommerdagen<\/a><\/li>\r\n<li><a href=\"https:\/\/xn--arbetsdagarperr-ulb.se\/nb\/rode-dager\/allehelgensdag\/\">Allehelgensdag<\/a><\/li>\r\n<li><a href=\"https:\/\/xn--arbetsdagarperr-ulb.se\/nb\/rode-dager\/midtsommeraften\/\">Midtsommeraften<\/a><\/li>\r\n<\/ul>\r\n<p>Sjekk gjerne ut kalenderen v\u00e5r her til h\u00f8yre, som inneholder informasjon som f.eks. navnedager og litt historie om hva som skjedde akkurat den dagen.<\/p>\r\n\r\n\r\n\n<table id=\"tablepress-5\" class=\"tablepress tablepress-id-5 tablepress-responsive\">\n<thead>\n<tr class=\"row-1\">\n\t<th class=\"column-1\">M\u00e5ned<\/th><th class=\"column-2\">Arbeidsdager<\/th><th class=\"column-3\">Arbeidstid<\/th><th class=\"column-4\">L\u00f8r &amp; S\u00f8n.<\/th><th class=\"column-5\">Andre<\/th>\n<\/tr>\n<\/thead>\n<tbody class=\"row-striping row-hover\">\n<tr class=\"row-2\">\n\t<td class=\"column-1\">januar<\/td><td class=\"column-2\">22<\/td><td class=\"column-3\">176<\/td><td class=\"column-4\">9<\/td><td class=\"column-5\">1<\/td>\n<\/tr>\n<tr class=\"row-3\">\n\t<td class=\"column-1\">februar<\/td><td class=\"column-2\">20<\/td><td class=\"column-3\">160<\/td><td class=\"column-4\">8<\/td><td class=\"column-5\">0<\/td>\n<\/tr>\n<tr class=\"row-4\">\n\t<td class=\"column-1\">mars<\/td><td class=\"column-2\">23<\/td><td class=\"column-3\">184<\/td><td class=\"column-4\">8<\/td><td class=\"column-5\">0<\/td>\n<\/tr>\n<tr class=\"row-5\">\n\t<td class=\"column-1\">april<\/td><td class=\"column-2\">18<\/td><td class=\"column-3\">144<\/td><td class=\"column-4\">10<\/td><td class=\"column-5\">3<\/td>\n<\/tr>\n<tr class=\"row-6\">\n\t<td class=\"column-1\">Kan<\/td><td class=\"column-2\">21<\/td><td class=\"column-3\">168<\/td><td class=\"column-4\">8<\/td><td class=\"column-5\">2<\/td>\n<\/tr>\n<tr class=\"row-7\">\n\t<td class=\"column-1\">juni<\/td><td class=\"column-2\">20<\/td><td class=\"column-3\">160<\/td><td class=\"column-4\">8<\/td><td class=\"column-5\">2<\/td>\n<\/tr>\n<tr class=\"row-8\">\n\t<td class=\"column-1\">juli<\/td><td class=\"column-2\">21<\/td><td class=\"column-3\">168<\/td><td class=\"column-4\">10<\/td><td class=\"column-5\">0<\/td>\n<\/tr>\n<tr class=\"row-9\">\n\t<td class=\"column-1\">august<\/td><td class=\"column-2\">23<\/td><td class=\"column-3\">184<\/td><td class=\"column-4\">8<\/td><td class=\"column-5\">0<\/td>\n<\/tr>\n<tr class=\"row-10\">\n\t<td class=\"column-1\">september<\/td><td class=\"column-2\">21<\/td><td class=\"column-3\">168<\/td><td class=\"column-4\">9<\/td><td class=\"column-5\">0<\/td>\n<\/tr>\n<tr class=\"row-11\">\n\t<td class=\"column-1\">oktober<\/td><td class=\"column-2\">22<\/td><td class=\"column-3\">176<\/td><td class=\"column-4\">9<\/td><td class=\"column-5\">0<\/td>\n<\/tr>\n<tr class=\"row-12\">\n\t<td class=\"column-1\">november<\/td><td class=\"column-2\">22<\/td><td class=\"column-3\">176<\/td><td class=\"column-4\">8<\/td><td class=\"column-5\">0<\/td>\n<\/tr>\n<tr class=\"row-13\">\n\t<td class=\"column-1\">desember<\/td><td class=\"column-2\">19<\/td><td class=\"column-3\">152<\/td><td class=\"column-4\">10<\/td><td class=\"column-5\">2<\/td>\n<\/tr>\n<tr class=\"row-14\">\n\t<td class=\"column-1\"><strong>Total \u00e5rlig arbeidstid<\/strong><\/td><td class=\"column-2\"><strong>252<\/strong><\/td><td class=\"column-3\"><strong>2016<\/strong><\/td><td class=\"column-4\"><strong>105<\/strong><\/td><td class=\"column-5\"><strong>10<\/strong><\/td>\n<\/tr>\n<\/tbody>\n<tfoot>\n<tr class=\"row-15\">\n\t<th class=\"column-1\">Gjennomsnitt \/ m\u00e5ned<\/th><th class=\"column-2\">21<\/th><th class=\"column-3\">168<\/th><th class=\"column-4\">8.75<\/th><th class=\"column-5\">0.83<\/th>\n<\/tr>\n<\/tfoot>\n<\/table>\n\n<style>.wp-show-posts-columns#wpsp-213 {margin-left: -2em; }.wp-show-posts-columns#wpsp-213 .wp-show-posts-inner {margin: 0 0 2em 2em; }<\/style><section id=\"wpsp-213\" class=\"wp-show-posts\" style=\"\"><article class=\"wp-show-posts-single wpsp-clearfix post-114 post type-post status-publish format-standard hentry category-roda-dagar\" itemtype=\"http:\/\/schema.org\/CreativeWork\" itemscope><div class=\"wp-show-posts-inner\" style=\"\">\t\t\t\t\t\t<header class=\"wp-show-posts-entry-header\">\n\t\t\t\t\t\t\t<h2 class=\"wp-show-posts-entry-title\" itemprop=\"headline\"><a href=\"https:\/\/xn--arbetsdagarperr-ulb.se\/nb\/rode-dager\/nyttarsdag-og-trettende-dag-jul\/\" rel=\"bookmark\">nytt\u00e5rsdag og trettende juledag<\/a><\/h2>\t\t\t\t\t\t<\/header><!-- .entry-header -->\n\t\t\t\t\t\t\t\t\t\t\t<div class=\"wp-show-posts-entry-content\" itemprop=\"text\">\n\t\t\t\t\t\t\t<h2><b><img loading=\"lazy\" decoding=\"async\" class=\"aligncenter size-full wp-image-117\" src=\"https:\/\/xn--arbetsdagarperr-ulb.se\/wp-content\/uploads\/2022\/04\/nyarsdagen-trettondedag_jul.jpg\" alt=\"nytt\u00e5rsdag og trettende juledag\" width=\"615\" height=\"370\" srcset=\"https:\/\/xn--arbetsdagarperr-ulb.se\/wp-content\/uploads\/2022\/04\/nyarsdagen-trettondedag_jul.jpg 615w, https:\/\/xn--arbetsdagarperr-ulb.se\/wp-content\/uploads\/2022\/04\/nyarsdagen-trettondedag_jul-300x180.jpg 300w\" sizes=\"auto, (max-width: 615px) 100vw, 615px\" \/><\/b><\/h2>\r\n<h2><\/h2>\r\n<h2 style=\"text-align: center;\"><b>Nytt\u00e5rsdag<\/b><\/h2>\r\n<span style=\"font-weight: 400;\">Nytt\u00e5rsdag er den f\u00f8rste dagen i kalender\u00e5ret. Nytt\u00e5r feires natten mellom 31. desember, det vil si nytt\u00e5rsaften og 1. januar i henhold til den gregorianske kalenderen. Nytt\u00e5rsdag er en veldig popul\u00e6r h\u00f8ytid. Det feires med fyrverkeri, nytt\u00e5rsmat og nytt\u00e5rsfester. Vi har laget nytt\u00e5rsforsetter helt siden vikingtiden. P\u00e5 denne tiden ble l\u00f8ftet avlagt ved enten \u00e5 t\u00f8mme en brage-beger eller sverge ved et villsvinshorn. I disse dager er det litt mer hverdagslig, men mange ser p\u00e5 nytt\u00e5rsdag og de tilh\u00f8rende nytt\u00e5rsforsettene som en sjanse til \u00e5 starte p\u00e5 nytt. Nytt\u00e5rsmat er ikke fullt s\u00e5 forseggjort som annen festmat, men er mer generelt forbundet med luksus. For eksempel kan vi se artisjokksuppe, Skagen-toast, sjokolademousse og hummer p\u00e5 nytt\u00e5rsbordet som vi spiser p\u00e5 nytt\u00e5rsaften. Fyrverkeriet som skytes opp ved 12-tiden og utover skal tradisjonelt sett skremme bort onde \u00e5nder. Mange tradisjoner er veldig sterkt knyttet til familie eller religion. Nytt\u00e5rsdag og hele nytt\u00e5rsfeiringen er imidlertid mer offentlig. Du deler vanligvis nytt\u00e5rsdagen og feiringen av den med vennene dine. Det er ogs\u00e5 en gammel tradisjon \u00e5 ringe inn det nye \u00e5ret, vanligvis gjennom en slags felles offentlig begivenhet hvor man teller ned til nytt\u00e5rsdag.\u00a0<\/span>\r\n\r\n&nbsp;\r\n<h2 style=\"text-align: center;\"><b>\u00c5penbaring<\/b><\/h2>\r\n<span style=\"font-weight: 400;\">Denne dagen faller p\u00e5 6. januar. Trettende juledag er en h\u00f8ytid i Sverige. Denne dagen er viktig for kristne i Sverige og feires for \u00e5 minnes Jesu \u00e5penbaring, da de tre vise menn bes\u00f8kte ham i Betlehem etter hans f\u00f8dsel. Stjerneguttene som tradisjonelt forbindes med Lucia dukket opp fra begynnelsen av ved feiringen av trettende juledag. I Sverige vandret disse stjerneguttene i landsbyene og skuespillere rundt bibelske fortellinger om de tre vise menn og deres reise til Betlehem. Dette toget kunne best\u00e5 av tre stjernegutter, en Herodes og en julebukk som gjorde aggressive utbrudd dersom han ikke var forn\u00f8yd med bel\u00f8nningen\/offerene. Dette ble sett p\u00e5 som en leken og akseptert form for tigging. Det var vanlig at elever p\u00e5 latinskoler deltok i teateret og brukte inntektene til \u00e5 dekke levekostnadene i juleferien. <\/span>\t\t\t\t\t\t<\/div><!-- .entry-content -->\n\t\t\t\t\t<div class=\"wpsp-read-more\"><a title=\"nytt\u00e5rsdag og trettende juledag\" class=\"wp-show-posts-read-more\" href=\"https:\/\/xn--arbetsdagarperr-ulb.se\/nb\/rode-dager\/nyttarsdag-og-trettende-dag-jul\/\">Les mer her...<\/a><\/div><\/div><!-- wp-show-posts-inner --><div class=\"wpsp-clear\"><\/div><\/article><article class=\"wp-show-posts-single wpsp-clearfix post-6597 post type-post status-publish format-standard hentry category-roda-dagar\" itemtype=\"http:\/\/schema.org\/CreativeWork\" itemscope><div class=\"wp-show-posts-inner\" style=\"\">\t\t\t\t\t\t<header class=\"wp-show-posts-entry-header\">\n\t\t\t\t\t\t\t<h2 class=\"wp-show-posts-entry-title\" itemprop=\"headline\"><a href=\"https:\/\/xn--arbetsdagarperr-ulb.se\/nb\/rode-dager\/nyttarsaften\/\" rel=\"bookmark\">nytt\u00e5rsaften<\/a><\/h2>\t\t\t\t\t\t<\/header><!-- .entry-header -->\n\t\t\t\t\t\t\t\t\t\t\t<div class=\"wp-show-posts-entry-content\" itemprop=\"text\">\n\t\t\t\t\t\t\t<h2 style=\"text-align: center;\"><img loading=\"lazy\" decoding=\"async\" class=\"aligncenter size-large wp-image-6598\" src=\"https:\/\/xn--arbetsdagarperr-ulb.se\/wp-content\/uploads\/2022\/12\/nyarsafton-1024x302.jpg\" alt=\"nytt\u00e5rsaften\" width=\"1024\" height=\"302\" srcset=\"https:\/\/xn--arbetsdagarperr-ulb.se\/wp-content\/uploads\/2022\/12\/nyarsafton-1024x302.jpg 1024w, https:\/\/xn--arbetsdagarperr-ulb.se\/wp-content\/uploads\/2022\/12\/nyarsafton-300x89.jpg 300w, https:\/\/xn--arbetsdagarperr-ulb.se\/wp-content\/uploads\/2022\/12\/nyarsafton-768x227.jpg 768w, https:\/\/xn--arbetsdagarperr-ulb.se\/wp-content\/uploads\/2022\/12\/nyarsafton-18x5.jpg 18w, https:\/\/xn--arbetsdagarperr-ulb.se\/wp-content\/uploads\/2022\/12\/nyarsafton.jpg 1250w\" sizes=\"auto, (max-width: 1024px) 100vw, 1024px\" \/><\/h2>\n<h2>Nytt\u00e5rsaften feires i mange land p\u00e5 forskjellige m\u00e5ter<\/h2>\n<p>Nytt\u00e5rsaften er en h\u00f8ytid som feires i mange land rundt om i verden. I Sverige feires nytt\u00e5rsaften 31. desember, og <a href=\"https:\/\/xn--arbetsdagarperr-ulb.se\/nb\/rode-dager\/nyttarsdag-og-trettende-dag-jul\/\">Nytt\u00e5rsdag<\/a> den 1. januar. Nytt\u00e5rsaften er en av de mest popul\u00e6re h\u00f8ytidene i Sverige, og det er vanlig at familier og venner samles for \u00e5 feire sammen. Det er ulike tradisjoner for hvordan man feirer nytt\u00e5rsaften, men det vanligste er \u00e5 se p\u00e5 TV eller g\u00e5 ut og h\u00f8re p\u00e5 musikk. Nytt\u00e5rsaften avsluttes ofte med oppskyting av raketter eller fyrverkeri ved midnatt. Dette er en tradisjon som har sin opprinnelse i romertiden, da det ble tent brenneovner p\u00e5 torget for \u00e5 skremme bort onde \u00e5nder. I dag er skyting av raketter og fyrverkeri bare en symbolsk gest, men det er fortsatt en veldig popul\u00e6r m\u00e5te \u00e5 ringe inn det nye \u00e5ret p\u00e5.<\/p>\n<h2>I noen land er det vanlig \u00e5 danse, spise og drikke om kvelden<\/h2>\n<p>I noen land er det vanlig \u00e5 danse, spise og drikke om kvelden. Folk drikker nytt\u00e5rsdrinker og spiser nytt\u00e5rsmat. Det er ogs\u00e5 nytt\u00e5rsmiddag og nytt\u00e5rsmiddag. Alle disse tradisjonene har sine egne historier. Dans, spising og drikking er vanlige nytt\u00e5rsaftenaktiviteter i mange land rundt om i verden. Folk drikker spesielle nytt\u00e5rsdrinker og spiser tradisjonell nytt\u00e5rsmat. De spiser ogs\u00e5 spesielle nytt\u00e5rsm\u00e5ltider som nytt\u00e5rsmiddag og nytt\u00e5rsaften. I noen land er det ogs\u00e5 vanlig \u00e5 bytte nytt\u00e5rsgaver med familie og venner. Uavhengig av de spesifikke tradisjonene, er feiringen av det nye \u00e5ret en kj\u00e6r skikk i mange kulturer.<\/p>\n<h2>Andre land bruker nytt\u00e5rsaften til \u00e5 se p\u00e5 fyrverkeri eller tenne selv<\/h2>\n<p>I andre land forbereder de seg p\u00e5 nytt\u00e5r p\u00e5 forskjellige m\u00e5ter. I Japan tenner folk lykter og brenner fyrverkeri for \u00e5 skremme bort onde \u00e5nder. I S\u00f8r-Amerika er det vanlig \u00e5 feste hele natten og fyrverkeriet skytes opp ved midnatt. P\u00e5 Filippinene feirer man ved \u00e5 skyte av fyrverkeri, og i S\u00f8r\u00f8st-Asia ble det tidligere brukt fyrverkeri for \u00e5 skremme skadedyr bort fra jordb\u00e6r. I dag feirer man imidlertid mer med lasershow og fyrverkeri i byen, i stedet for fyrverkeri p\u00e5 jordb\u00e6rene. Forskjellene mellom hvordan nytt\u00e5rsaften feires rundt om i verden er store, men alle deler av tradisjonene har sine positive sider. Lasershowet i byen blir sett av mange, lyktene og fyrverkerne skremmer bort onde \u00e5nder og fyrverkeriet underholder p\u00e5 en glad m\u00e5te. Alle tradisjoner har dermed sine positive sider som bidrar til en hyggelig helg.<\/p>\n<h2>Det er ingen reell regel for hvordan man skal feire nytt\u00e5rsaften<\/h2>\n<p>Hvordan pleier du \u00e5 feire nytt\u00e5rsaften? Det er ingen reell regel for hvordan man skal feire nytt\u00e5rsaften. folk gj\u00f8r vanligvis forskjellige ting p\u00e5 nytt\u00e5rsaften. Noen drar ut og feirer med venner, mens andre blir hjemme og feirer med familien. Noen spiser spesielle middager, mens andre bare spiser det vanlige. Uansett hva du gj\u00f8r p\u00e5 nytt\u00e5rsaften, husk at det er en dag for \u00e5 feire og ha det g\u00f8y.<\/p>\n<h2>Ha en fin nytt\u00e5rsaften!<\/h2>\n<p>Ha en flott nytt\u00e5rsaften, alle sammen! Jeg h\u00e5per dere alle f\u00e5r en fantastisk kveld, fylt med mye moro og latter. Enten du holder deg oppe for \u00e5 se p\u00e5 fyrverkeriet eller drar p\u00e5 festen, h\u00e5per jeg du har det g\u00f8y og har det bra. Vi \u00f8nsker deg et godt og vellykket nytt \u00e5r! Jeg \u00f8nsker deg alt godt i \u00e5ret som kommer. <a href=\"https:\/\/xn--arbetsdagarperr-ulb.se\/nb\/dag\/1-januari-2023\/\">Godt nytt \u00e5r<\/a>!<\/p>\n\t\t\t\t\t\t<\/div><!-- .entry-content -->\n\t\t\t\t\t<div class=\"wpsp-read-more\"><a title=\"nytt\u00e5rsaften\" class=\"wp-show-posts-read-more\" href=\"https:\/\/xn--arbetsdagarperr-ulb.se\/nb\/rode-dager\/nyttarsaften\/\">Les mer her...<\/a><\/div><\/div><!-- wp-show-posts-inner --><div class=\"wpsp-clear\"><\/div><\/article><\/section><!-- .wp-show-posts -->","protected":false},"excerpt":{"rendered":"<p>&nbsp; Arbeidsdager per \u00e5r 2023 Generelt, n\u00e5r du snakker om antall arbeidstimer per m\u00e5ned, sier du vanligvis 160, eller snakker du om antall arbeidsdager per \u00e5r 2023, sier du vanligvis 250, som ofte ikke er helt riktig. . I \u00e5r (2023) er det for eksempel mellom 152 og 184 arbeidstimer med en gjennomsnittlig...<\/p>\n<p class=\"read-more\"> <a class=\"\" href=\"https:\/\/xn--arbetsdagarperr-ulb.se\/nb\/rode-dager\/nyttarsaften\/\"> <span class=\"screen-reader-text\">nytt\u00e5rsaften<\/span> Les mer &quot;<\/a><\/p>","protected":false},"author":1,"featured_media":0,"parent":0,"menu_order":0,"comment_status":"closed","ping_status":"closed","template":"","meta":{"site-sidebar-layout":"default","site-content-layout":"default","ast-main-header-display":"","ast-hfb-above-header-display":"","ast-hfb-below-header-display":"","ast-hfb-mobile-header-display":"","site-post-title":"disabled","ast-breadcrumbs-content":"","ast-featured-img":"","footer-sml-layout":"","theme-transparent-header-meta":"default","adv-header-id-meta":"","stick-header-meta":"","header-above-stick-meta":"","header-main-stick-meta":"","header-below-stick-meta":"","footnotes":""},"class_list":["post-172","page","type-page","status-publish","hentry"],"_links":{"self":[{"href":"https:\/\/xn--arbetsdagarperr-ulb.se\/nb\/wp-json\/wp\/v2\/pages\/172","targetHints":{"allow":["GET"]}}],"collection":[{"href":"https:\/\/xn--arbetsdagarperr-ulb.se\/nb\/wp-json\/wp\/v2\/pages"}],"about":[{"href":"https:\/\/xn--arbetsdagarperr-ulb.se\/nb\/wp-json\/wp\/v2\/types\/page"}],"author":[{"embeddable":true,"href":"https:\/\/xn--arbetsdagarperr-ulb.se\/nb\/wp-json\/wp\/v2\/users\/1"}],"replies":[{"embeddable":true,"href":"https:\/\/xn--arbetsdagarperr-ulb.se\/nb\/wp-json\/wp\/v2\/comments?post=172"}],"version-history":[{"count":4,"href":"https:\/\/xn--arbetsdagarperr-ulb.se\/nb\/wp-json\/wp\/v2\/pages\/172\/revisions"}],"predecessor-version":[{"id":6611,"href":"https:\/\/xn--arbetsdagarperr-ulb.se\/nb\/wp-json\/wp\/v2\/pages\/172\/revisions\/6611"}],"wp:attachment":[{"href":"https:\/\/xn--arbetsdagarperr-ulb.se\/nb\/wp-json\/wp\/v2\/media?parent=172"}],"curies":[{"name":"wp","href":"https:\/\/api.w.org\/{rel}","templated":true}]}}